{"id":1663,"date":"2022-11-29T12:34:44","date_gmt":"2022-11-29T15:34:44","guid":{"rendered":"https:\/\/ecch-bue.infd.edu.ar\/sitio\/?page_id=1663"},"modified":"2025-11-07T12:15:41","modified_gmt":"2025-11-07T15:15:41","slug":"tecnicatura-en-ilustracion","status":"publish","type":"page","link":"https:\/\/ecch-bue.infd.edu.ar\/sitio\/tecnicatura-en-ilustracion\/","title":{"rendered":"Tecnicatura en Ilustraci\u00f3n"},"content":{"rendered":"\n<figure class=\"wp-block-image size-large\"><img decoding=\"async\" loading=\"lazy\" width=\"1170\" height=\"700\" src=\"https:\/\/ecch-bue.infd.edu.ar\/sitio\/wp-content\/uploads\/2022\/11\/illustration-definition-feat-big.jpg\" alt=\"\" class=\"wp-image-1672\" srcset=\"https:\/\/ecch-bue.infd.edu.ar\/sitio\/wp-content\/uploads\/2022\/11\/illustration-definition-feat-big.jpg 1170w, https:\/\/ecch-bue.infd.edu.ar\/sitio\/wp-content\/uploads\/2022\/11\/illustration-definition-feat-big-1000x598.jpg 1000w, https:\/\/ecch-bue.infd.edu.ar\/sitio\/wp-content\/uploads\/2022\/11\/illustration-definition-feat-big-768x459.jpg 768w\" sizes=\"(max-width: 1170px) 100vw, 1170px\" \/><\/figure>\n\n\n\n<p>La ilustraci\u00f3n es una forma de comunicar a trav\u00e9s de im\u00e1genes, poniendo en juego el dise\u00f1o, las artes visuales y las ciencias de la comunicaci\u00f3n, se vincula a la producci\u00f3n de saberes transdisciplinarios y la interacci\u00f3n con otras profesiones.<\/p>\n\n\n\n<p>La ilustraci\u00f3n se presenta en m\u00faltiples formatos y soportes. La encontramos en textos escolares, libros ilustrados y libros \u00e1lbum, novelas gr\u00e1ficas e historietas, afiches, estampillas, papel moneda, envases y etiquetas, productos textiles, etc. Tambi\u00e9n est\u00e1 presente en los nuevos medios de comunicaci\u00f3n, en entornos virtuales, multimediales, presentaciones, cortometrajes animados, series animadas y video juegos\/juegos interactivos. Abarcando diversos temas: pol\u00edticos, culturales, cuestiones de g\u00e9nero, religi\u00f3n, lo t\u00e9cnico y cient\u00edfico, comercial, institucional, humor, etc.<\/p>\n\n\n\n<p>Esta amplitud, hace de la ilustraci\u00f3n parte fundamental de la vida cultural y como tal de la conformaci\u00f3n de una identidad social.<\/p>\n\n\n\n<p>La Tecnicatura en Ilustraci\u00f3n se incorpora a la oferta acad\u00e9mica de la Escuela de Cer\u00e1mica ampliando las posibilidades de formaci\u00f3n y vincul\u00e1ndose tanto con la formaci\u00f3n en Artes Visuales que ofrecemos, como con la formaci\u00f3n en Dise\u00f1o Gr\u00e1fico, permitiendo la actualizaci\u00f3n de saberes en el caso de los egresados y la ampliaci\u00f3n de la formaci\u00f3n de quienes cursan carreras afines.<\/p>\n\n\n\n<p><\/p>\n\n\n\n<h2 class=\"wp-block-heading\"><strong>ESTRUCTURA CURRICULAR PARA LA FORMACI\u00d3N DE GRADO<\/strong> &#8211; <strong>Res- N\u00b0 13.253\/99\u00a0<\/strong><\/h2>\n\n\n\n<p><strong>Carrera de 4 a\u00f1os de duraci\u00f3n con t\u00edtulo intermedio &#8211; T\u00edtulos con validez nacional.<\/strong><\/p>\n\n\n\n<h3 class=\"wp-block-heading\"><strong>PLAN DE ESTUDIOS<\/strong><\/h3>\n\n\n\n<h3 class=\"wp-block-heading\"><strong>PRIMER A\u00d1O<\/strong><\/h3>\n\n\n\n<pre class=\"wp-block-preformatted\"><strong>TALLER<\/strong> <strong>- MATERIA<\/strong><\/pre>\n\n\n\n<figure class=\"wp-block-table\"><table><tbody><tr><td>Taller de Ilustraci\u00f3n I 5 m\u00f3dulos<\/td><td>Profesora Julieta Navarro<\/td><\/tr><\/tbody><\/table><figcaption class=\"wp-element-caption\"><em>160 hs reloj anuales<\/em><\/figcaption><\/figure>\n\n\n\n<pre class=\"wp-block-preformatted\"><strong>\u00c1REA DE PRODUCCI\u00d3N<\/strong> - <strong>MATERIAS<\/strong><\/pre>\n\n\n\n<figure class=\"wp-block-table\"><table><tbody><tr><td>Dibujo I&nbsp;(2 m\u00f3dulos)<\/td><td>Profesora Ana Etchepare<\/td><\/tr><tr><td>Dise\u00f1o Gr\u00e1fico&nbsp;(2 m\u00f3dulos)<\/td><td>Profesora Cecilia Ventura<\/td><\/tr><tr><td>Gr\u00e1fica Asistida por Computadora I&nbsp;(2 m\u00f3dulos)<\/td><td>Profesora Cecilia Ventura<\/td><\/tr><tr><td>T\u00e9cnicas Bidimensionales de Ilustraci\u00f3n I&nbsp;(2 m\u00f3dulos)<\/td><td>Profesora Julieta Navarro<\/td><\/tr><\/tbody><\/table><figcaption class=\"wp-element-caption\"><em>64 hs reloj anuales por cada materia<\/em><\/figcaption><\/figure>\n\n\n\n<pre class=\"wp-block-preformatted\"><strong>\u00c1REA LENGUAJE - RECEPCI\u00d3N<\/strong><\/pre>\n\n\n\n<figure class=\"wp-block-table\"><table><tbody><tr><td>Percepci\u00f3n Visual&nbsp;(2 m\u00f3dulos)<\/td><td>Profesora Mercedes P\u00e9rez Cazal<\/td><\/tr><tr><td>Taller de Texto&nbsp;(2 m\u00f3dulos)<\/td><td>Profesora Florencia Bordenava<\/td><\/tr><\/tbody><\/table><figcaption class=\"wp-element-caption\"><em>64 hs reloj anuales por cada materia<\/em><\/figcaption><\/figure>\n\n\n\n<pre class=\"wp-block-preformatted\"><strong>\u00c1REA DE VINCULACIONES CONTEXTUALES<\/strong><\/pre>\n\n\n\n<figure class=\"wp-block-table\"><table><tbody><tr><td>Historia del Arte y el Dise\u00f1o&nbsp;(2 m\u00f3dulos)<\/td><td>Profesora Alida Garc\u00eda Cuerva<\/td><\/tr><tr><td>Comunicaci\u00f3n&nbsp;(2 m\u00f3dulos)<\/td><td>Profesora Dise\u00f1adora Mirta Conti<\/td><\/tr><\/tbody><\/table><figcaption class=\"wp-element-caption\"><em>64 hs reloj anuales por cada materia<\/em><br>Total Primer a\u00f1o: <strong><em>672 horas anuales<\/em><\/strong><\/figcaption><\/figure>\n\n\n\n<h3 class=\"wp-block-heading\"><strong>SEGUNDO A\u00d1O<\/strong><\/h3>\n\n\n\n<pre id=\"block-f04d5aef-0475-45d5-8d41-8ec298701411\" class=\"wp-block-preformatted\"><strong>TALLER - MATERIA<\/strong><\/pre>\n\n\n\n<figure class=\"wp-block-table\"><table><tbody><tr><td>Taller de Ilustraci\u00f3n II&nbsp;(5 m\u00f3dulos)<\/td><td>Profesora Catalina C\u00e1ssera<\/td><\/tr><\/tbody><\/table><figcaption class=\"wp-element-caption\"><em>160 hs reloj anuales<\/em><\/figcaption><\/figure>\n\n\n\n<pre id=\"block-1b53454b-ad5e-48b9-be49-f509fd94978d\" class=\"wp-block-preformatted\"><strong>\u00c1REA DE PRODUCCI\u00d3N<\/strong> - <strong>MATERIAS<\/strong><\/pre>\n\n\n\n<figure class=\"wp-block-table\"><table><tbody><tr><td>Dibujo II&nbsp;(2 m\u00f3dulos)<\/td><td>Profesora Ana Etchepare<\/td><\/tr><tr><td>Tecnolog\u00eda I&nbsp;(2 m\u00f3dulos)<\/td><td>Profesora Cecilia Ventura<\/td><\/tr><tr><td>Gr\u00e1fica Asistida por Computadora II&nbsp;(2 m\u00f3dulos)<\/td><td>Profesora Cecilia Ventura<\/td><\/tr><tr><td>T\u00e9cnicas Bidimensionales de Ilustraci\u00f3n II&nbsp;(2 m\u00f3dulos)<\/td><td>Profesora Mercedes P\u00e9rez Cazal<\/td><\/tr><\/tbody><\/table><figcaption class=\"wp-element-caption\"><em>64 hs reloj anuales por cada materia<\/em><\/figcaption><\/figure>\n\n\n\n<pre id=\"block-9d0aa8d5-9b14-45ef-9c59-9559330fa5cb\" class=\"wp-block-preformatted\"><strong>\u00c1REA LENGUAJE - RECEPCI\u00d3N<\/strong> <strong>- MATERIAS<\/strong><\/pre>\n\n\n\n<figure class=\"wp-block-table\"><table><tbody><tr><td>Semiolog\u00eda de la Imagen&nbsp;(2 m\u00f3dulos)<\/td><td>Profesora Roc\u00edo Zabala<\/td><\/tr><tr><td>Taller de Sonido&nbsp;(2 m\u00f3dulos)<\/td><td>Profesora Adriana Cornicello<\/td><\/tr><\/tbody><\/table><figcaption class=\"wp-element-caption\"><em>64 hs reloj anuales por cada materia<\/em><\/figcaption><\/figure>\n\n\n\n<pre id=\"block-94e80831-5228-42b0-82df-95225034344e\" class=\"wp-block-preformatted\"><strong>\u00c1REA DE VINCULACIONES CONTEXTUALES<\/strong><\/pre>\n\n\n\n<figure class=\"wp-block-table\"><table><tbody><tr><td>Historia de la Ilustraci\u00f3n (2 m\u00f3dulos)<\/td><td>Profesora Catalina C\u00e1ssera<\/td><\/tr><\/tbody><\/table><figcaption class=\"wp-element-caption\"><em>64 hs reloj anuales<\/em><\/figcaption><\/figure>\n\n\n\n<pre class=\"wp-block-preformatted\"><strong>ESPACIO INSTITUCIONAL<\/strong><\/pre>\n\n\n\n<figure class=\"wp-block-table\"><table><tbody><tr><td>EDI &#8211; Animaci\u00f3n 2D (2 m\u00f3dulos)<\/td><td>Profesor Francisco Fayos<\/td><\/tr><\/tbody><\/table><figcaption class=\"wp-element-caption\"><em>64 hs reloj anuales por cada materia<\/em><br>Total Primer a\u00f1o: <strong><em>672 horas anuales<\/em><\/strong><\/figcaption><\/figure>\n\n\n\n<h3 class=\"wp-block-heading\"><strong>TERCER A\u00d1O<\/strong><\/h3>\n\n\n\n<pre id=\"block-04785c07-ab9a-44d7-8df1-16ea2c15f4fd\" class=\"wp-block-preformatted\"><strong>TALLER - MATERIA<\/strong><\/pre>\n\n\n\n<figure class=\"wp-block-table\"><table><tbody><tr><td>Taller de Ilustraci\u00f3n III <\/td><td>Profesora Ana Etchepare<\/td><\/tr><\/tbody><\/table><figcaption class=\"wp-element-caption\">224 hs anuales<\/figcaption><\/figure>\n\n\n\n<pre id=\"block-4e584756-c433-469f-91b3-8743c89a9e1c\" class=\"wp-block-preformatted\"><strong>\u00c1REA DE PRODUCCI\u00d3N<\/strong> - <strong>LENGUAJE - RECEPCI\u00d3N<\/strong> - <strong>MATERIAS<\/strong><\/pre>\n\n\n\n<figure class=\"wp-block-table\"><table><tbody><tr><td>Dibujo III&nbsp;(2 m\u00f3dulos)<\/td><td>Profesora Mercedes Chrest\u00eda<\/td><\/tr><tr><td>Fotograf\u00eda&nbsp;(2 m\u00f3dulos)<\/td><td>Profesora Melina G\u00f3mez<\/td><\/tr><tr><td>Imagen Digital&nbsp;(2 m\u00f3dulos)<\/td><td>Profesor Tom\u00e1s Brambilla<\/td><\/tr><tr><td>T\u00e9cnicas Tridimensionales de Ilustraci\u00f3n&nbsp;(2 m\u00f3dulos)<\/td><td><\/td><\/tr><\/tbody><\/table><figcaption class=\"wp-element-caption\"><em>64 hs reloj anuales por cada materia<\/em><\/figcaption><\/figure>\n\n\n\n<pre id=\"block-94e80831-5228-42b0-82df-95225034344e\" class=\"wp-block-preformatted\"><strong>\u00c1REA DE VINCULACIONES CONTEXTUALES<\/strong><\/pre>\n\n\n\n<figure class=\"wp-block-table\"><table><tbody><tr><td>Sociolog\u00eda de la Comunicaci\u00f3n&nbsp;(2 m\u00f3dulos)<\/td><td>Profesor Pedro Zunino<\/td><\/tr><tr><td>\u00c9tica y Legislaci\u00f3n&nbsp;(2 m\u00f3dulos)<\/td><td>Candela Larroud\u00e9<\/td><\/tr><\/tbody><\/table><figcaption class=\"wp-element-caption\"><em>64 hs reloj anuales por cada materia<\/em><\/figcaption><\/figure>\n\n\n\n<pre id=\"block-076cbaf0-41b1-4f31-b279-358b910a0f32\" class=\"wp-block-preformatted\"><strong>ESPACIO INSTITUCIONAL<\/strong><\/pre>\n\n\n\n<figure class=\"wp-block-table\"><table><tbody><tr><td>Espacio Institucional (2 m\u00f3dulos)<\/td><td><\/td><\/tr><\/tbody><\/table><figcaption class=\"wp-element-caption\"><em><em>64 hs reloj anuales por cada materia<\/em><br>Total Primer a\u00f1o: <strong><em>672 horas anuales<\/em><\/strong><\/em><\/figcaption><\/figure>\n\n\n\n<hr class=\"wp-block-separator has-css-opacity\"\/>\n\n\n\n<h3 class=\"wp-block-heading\">T\u00cdTULO INTERMEDIO:&nbsp;T\u00c9CNICO ILUSTRADOR<\/h3>\n\n\n\n<hr class=\"wp-block-separator has-css-opacity\"\/>\n\n\n\n<h3 class=\"wp-block-heading\"><strong>CUARTO A\u00d1O<\/strong><\/h3>\n\n\n\n<pre id=\"block-0993db72-1c73-473a-b06f-43c5f23eeb0b\" class=\"wp-block-preformatted\"><strong>\u00c1REA DE PRODUCCI\u00d3N<\/strong> - <strong>LENGUAJE - RECEPCI\u00d3N<\/strong> - <strong>MATERIAS<\/strong><\/pre>\n\n\n\n<figure class=\"wp-block-table\"><table><tbody><tr><td>Espacio de Especializaci\u00f3n 1 (3 m\u00f3dulos)<\/td><td><\/td><\/tr><tr><td>Espacio de Especializaci\u00f3n 2 (3 m\u00f3dulos)<\/td><td><\/td><\/tr><tr><td>Espacio de Especializaci\u00f3n 3 (3 m\u00f3dulos)<\/td><td><\/td><\/tr><tr><td>Taller de Ilustraci\u00f3n Aplicada&nbsp;(3 m\u00f3dulos)<\/td><td><\/td><\/tr><\/tbody><\/table><figcaption class=\"wp-element-caption\"><em><em>96 hs reloj anuales por cada materia<\/em><\/em><\/figcaption><\/figure>\n\n\n\n<pre id=\"block-6df1d427-a68a-44ca-836b-017ce310a0a5\" class=\"wp-block-preformatted\"><strong>\u00c1REA DE VINCULACIONES CONTEXTUALES<\/strong><\/pre>\n\n\n\n<figure class=\"wp-block-table\"><table><tbody><tr><td>Arte, Cultura y Est\u00e9tica en el Mundo Contempor\u00e1neo&nbsp;(3 m\u00f3dulos)<\/td><td><\/td><\/tr><\/tbody><\/table><figcaption class=\"wp-element-caption\"><em><em><em><em>96 hs reloj anuales por cada materia<\/em><br>Total Primer a\u00f1o: <strong><em>352 horas anuales<\/em><\/strong><\/em><\/em><\/em><\/figcaption><\/figure>\n\n\n\n<h3 class=\"wp-block-heading\">T\u00cdTULO:&nbsp;ILUSTRADOR PROFESIONAL<\/h3>\n\n\n\n<hr class=\"wp-block-separator has-alpha-channel-opacity\"\/>\n\n\n\n<h2 class=\"wp-block-heading has-text-align-center\"><strong>CORRELATIVIDADES<\/strong><\/h2>\n\n\n\n<h2 class=\"wp-block-heading\"><strong>2do A\u00d1O<\/strong><\/h2>\n\n\n\n<figure class=\"wp-block-table\"><table><tbody><tr><td>Taller de Ilustraci\u00f3n II<\/td><td>Dibujo I T\u00e9cnicas bidimensionales de ilustracion I Taller de Ilustraci\u00f3n I Percepci\u00f3n Visual Comunicaci\u00f3n<\/td><\/tr><tr><td>Dibujo II<\/td><td>Dibujo I<\/td><\/tr><tr><td>Tecnolog\u00eda I<\/td><td>Gr\u00e1fica asistida por Computadora I<\/td><\/tr><tr><td>Gr\u00e1fica asistida por Computadora II<\/td><td>Gr\u00e1fica asistida por Computadora I<\/td><\/tr><tr><td>T\u00e9cnicas Bidimensionales de Ilustraci\u00f3n II<\/td><td>T\u00e9cnicas Bidimensionales de Ilustraci\u00f3n II Percepci\u00f3n Visual Taller de Ilustraci\u00f3n I<\/td><\/tr><tr><td>Semiolog\u00eda de la Imagen<\/td><td>Percepci\u00f3n Visual Comunicaci\u00f3n<\/td><\/tr><tr><td>Taller de Sonido<\/td><td>&nbsp;<\/td><\/tr><tr><td>Historia de la Ilustraci\u00f3n<\/td><td>Historia del Arte y el Dise\u00f1o<\/td><\/tr><tr><td>EDI Animaci\u00f3n 2D<\/td><td><\/td><\/tr><\/tbody><\/table><\/figure>\n\n\n\n<h2 class=\"wp-block-heading\"><strong>3er. A\u00f1o<\/strong><\/h2>\n\n\n\n<figure class=\"wp-block-table\"><table><tbody><tr><td>Taller de Ilustraci\u00f3n III<\/td><td>Taller de Ilustraci\u00f3n II Dibujo II T\u00e9cnicas Bidimensionales de Ilustracion II Semiolog\u00eda de la Imagen<\/td><\/tr><tr><td>Dibujo III<\/td><td>Dibujo II<\/td><\/tr><tr><td>Fotograf\u00eda<\/td><td>Semiolog\u00eda de la Imagen Taller de Ilustraci\u00f3n II<\/td><\/tr><tr><td>Imagen Digital<\/td><td>Gr\u00e1fica asistida por Computadora II Taller de Ilustraci\u00f3n I<\/td><\/tr><tr><td>T\u00e9cnicas tridimensionales de Ilustraci\u00f3n<\/td><td>T\u00e9cnicas Bidimensionales de Ilustracion II<\/td><\/tr><tr><td>Sociolog\u00eda de la Comunicaci\u00f3n<\/td><td>Semiolog\u00eda de la Imagen<\/td><\/tr><tr><td>Etica y Legislaci\u00f3n<\/td><td>Taller de Ilustraci\u00f3n I<\/td><\/tr><tr><td>EDI<\/td><td><\/td><\/tr><\/tbody><\/table><\/figure>\n\n\n\n<h2 class=\"wp-block-heading\"><strong>4to A\u00d1O<\/strong><\/h2>\n\n\n\n<figure class=\"wp-block-table\"><table><tbody><tr><td>Espacio de especializaci\u00f3n 1<\/td><td>Taller de Ilustraci\u00f3n III 1er. y 2do. A\u00f1o completo<\/td><\/tr><tr><td>Espacio de Especializaci\u00f3n 2<\/td><td>Taller de Ilustraci\u00f3n III 1er. y 2do. A\u00f1o completo<\/td><\/tr><tr><td>Espacio de Especializaci\u00f3n 3<\/td><td>Taller de Ilustraci\u00f3n III 1er. y 2do. A\u00f1o completo<\/td><\/tr><tr><td>Taller de Ilustraci\u00f3n aplicada<\/td><td>Taller de Ilustraci\u00f3n III 1er. y 2do. A\u00f1o completo<\/td><\/tr><tr><td>Arte, Cultura y Est\u00e9tica del mundo contempor\u00e1neo<\/td><td>Sociolog\u00eda de la Comunicaci\u00f3n Historia de la Ilustraci\u00f3n<\/td><\/tr><\/tbody><\/table><\/figure>\n","protected":false},"excerpt":{"rendered":"<p>La ilustraci\u00f3n es una forma de comunicar a trav\u00e9s de im\u00e1genes, poniendo en juego el dise\u00f1o, las artes visuales y las ciencias de la comunicaci\u00f3n, se vincula a la producci\u00f3n de saberes transdisciplinarios y la interacci\u00f3n con otras profesiones. La ilustraci\u00f3n se presenta en m\u00faltiples formatos y soportes. La encontramos en textos escolares, libros ilustrados &#8230; <a title=\"Tecnicatura en Ilustraci\u00f3n\" class=\"read-more\" href=\"https:\/\/ecch-bue.infd.edu.ar\/sitio\/tecnicatura-en-ilustracion\/\" aria-label=\"More on Tecnicatura en Ilustraci\u00f3n\">[+]<\/a><\/p>\n","protected":false},"author":47,"featured_media":0,"parent":0,"menu_order":0,"comment_status":"closed","ping_status":"closed","template":"","meta":[],"acf":[],"_links":{"self":[{"href":"https:\/\/ecch-bue.infd.edu.ar\/sitio\/wp-json\/wp\/v2\/pages\/1663"}],"collection":[{"href":"https:\/\/ecch-bue.infd.edu.ar\/sitio\/wp-json\/wp\/v2\/pages"}],"about":[{"href":"https:\/\/ecch-bue.infd.edu.ar\/sitio\/wp-json\/wp\/v2\/types\/page"}],"author":[{"embeddable":true,"href":"https:\/\/ecch-bue.infd.edu.ar\/sitio\/wp-json\/wp\/v2\/users\/47"}],"replies":[{"embeddable":true,"href":"https:\/\/ecch-bue.infd.edu.ar\/sitio\/wp-json\/wp\/v2\/comments?post=1663"}],"version-history":[{"count":17,"href":"https:\/\/ecch-bue.infd.edu.ar\/sitio\/wp-json\/wp\/v2\/pages\/1663\/revisions"}],"predecessor-version":[{"id":2442,"href":"https:\/\/ecch-bue.infd.edu.ar\/sitio\/wp-json\/wp\/v2\/pages\/1663\/revisions\/2442"}],"wp:attachment":[{"href":"https:\/\/ecch-bue.infd.edu.ar\/sitio\/wp-json\/wp\/v2\/media?parent=1663"}],"curies":[{"name":"wp","href":"https:\/\/api.w.org\/{rel}","templated":true}]}}