{"id":2027,"date":"2023-12-29T18:51:46","date_gmt":"2023-12-29T21:51:46","guid":{"rendered":"https:\/\/ecch-bue.infd.edu.ar\/sitio\/?page_id=2027"},"modified":"2024-02-19T17:58:17","modified_gmt":"2024-02-19T20:58:17","slug":"mesas-de-examenes-feb-mar-2024","status":"publish","type":"page","link":"https:\/\/ecch-bue.infd.edu.ar\/sitio\/mesas-de-examenes-feb-mar-2024\/","title":{"rendered":"Mesas de Ex\u00e1menes Feb\/Mar 2024"},"content":{"rendered":"\n<p>A continuaci\u00f3n podr\u00e1n descargar y ver las Mesas de Ex\u00e1menes Turno Febrero \/ Marzo del 2024.-<\/p>\n\n\n\n<p>Las inscripciones se realizar\u00e1n a partir del Jueves 15 de Febrero hasta el 22 inclusive.&nbsp;<\/p>\n\n\n\n<p>Son de manera presencial con la preceptora correspondiente a la carrera.<\/p>\n\n\n\n<p>Preceptora <strong>D\u00e9bora Simone de 8 a 12hs<\/strong> &#8211; Profesorado en Artes Visuales orientaci\u00f3n <em>Grabado y Arte impreso<\/em><\/p>\n\n\n\n<p>Preceptora <strong>Mar\u00eda Jos\u00e9 Bellingeri de 13 a 17hs<\/strong> &#8211; <em>Tecnicatura en Cer\u00e1mica &#8211; Tecnicatura en lustraci\u00f3n<\/em><\/p>\n\n\n\n<p>Preceptora <strong>Daniela Gonz\u00e1lez de 18 a 22hs<\/strong> &#8211;<em> Dise\u00f1o Gr\u00e1fico y Profesorado en Artes Visuales orientaci\u00f3n Cer\u00e1mica.<\/em><\/p>\n\n\n\n<div class=\"wp-block-file\"><object class=\"wp-block-file__embed\" data=\"https:\/\/ecch-bue.infd.edu.ar\/sitio\/wp-content\/uploads\/2023\/12\/2012-12-ECCH-MESAS-FEB.pdf\" type=\"application\/pdf\" style=\"width:100%;height:600px\" aria-label=\"Incrustado de 2012-12-ECCH-MESAS-FEB.\"><\/object><a id=\"wp-block-file--media-62437c79-473e-46e0-95a0-4c35af66ea87\" href=\"https:\/\/ecch-bue.infd.edu.ar\/sitio\/wp-content\/uploads\/2023\/12\/2012-12-ECCH-MESAS-FEB.pdf\" target=\"_blank\" rel=\"noreferrer noopener\">2012-12-ECCH-MESAS-FEB<\/a><a href=\"https:\/\/ecch-bue.infd.edu.ar\/sitio\/wp-content\/uploads\/2023\/12\/2012-12-ECCH-MESAS-FEB.pdf\" class=\"wp-block-file__button wp-element-button\" download aria-describedby=\"wp-block-file--media-62437c79-473e-46e0-95a0-4c35af66ea87\">Descarga<\/a><\/div>\n\n\n\n<div class=\"wp-block-file\"><object class=\"wp-block-file__embed\" data=\"https:\/\/ecch-bue.infd.edu.ar\/sitio\/wp-content\/uploads\/2023\/12\/2012-12-Mesas-MArzo.pdf\" type=\"application\/pdf\" style=\"width:100%;height:600px\" aria-label=\"Incrustado de 2012-12-Mesas-MArzo.\"><\/object><a id=\"wp-block-file--media-621c851d-b560-462b-a146-ddb39d2172e1\" href=\"https:\/\/ecch-bue.infd.edu.ar\/sitio\/wp-content\/uploads\/2023\/12\/2012-12-Mesas-MArzo.pdf\" target=\"_blank\" rel=\"noreferrer noopener\">2012-12-Mesas-MArzo<\/a><a href=\"https:\/\/ecch-bue.infd.edu.ar\/sitio\/wp-content\/uploads\/2023\/12\/2012-12-Mesas-MArzo.pdf\" class=\"wp-block-file__button wp-element-button\" download aria-describedby=\"wp-block-file--media-621c851d-b560-462b-a146-ddb39d2172e1\">Descarga<\/a><\/div>\n","protected":false},"excerpt":{"rendered":"<p>A continuaci\u00f3n podr\u00e1n descargar y ver las Mesas de Ex\u00e1menes Turno Febrero \/ Marzo del 2024.- Las inscripciones se realizar\u00e1n a partir del Jueves 15 de Febrero hasta el 22 inclusive.&nbsp; Son de manera presencial con la preceptora correspondiente a la carrera. Preceptora D\u00e9bora Simone de 8 a 12hs &#8211; Profesorado en Artes Visuales orientaci\u00f3n &#8230; <a title=\"Mesas de Ex\u00e1menes Feb\/Mar 2024\" class=\"read-more\" href=\"https:\/\/ecch-bue.infd.edu.ar\/sitio\/mesas-de-examenes-feb-mar-2024\/\" aria-label=\"More on Mesas de Ex\u00e1menes Feb\/Mar 2024\">[+]<\/a><\/p>\n","protected":false},"author":47,"featured_media":0,"parent":0,"menu_order":0,"comment_status":"closed","ping_status":"closed","template":"","meta":[],"acf":[],"_links":{"self":[{"href":"https:\/\/ecch-bue.infd.edu.ar\/sitio\/wp-json\/wp\/v2\/pages\/2027"}],"collection":[{"href":"https:\/\/ecch-bue.infd.edu.ar\/sitio\/wp-json\/wp\/v2\/pages"}],"about":[{"href":"https:\/\/ecch-bue.infd.edu.ar\/sitio\/wp-json\/wp\/v2\/types\/page"}],"author":[{"embeddable":true,"href":"https:\/\/ecch-bue.infd.edu.ar\/sitio\/wp-json\/wp\/v2\/users\/47"}],"replies":[{"embeddable":true,"href":"https:\/\/ecch-bue.infd.edu.ar\/sitio\/wp-json\/wp\/v2\/comments?post=2027"}],"version-history":[{"count":2,"href":"https:\/\/ecch-bue.infd.edu.ar\/sitio\/wp-json\/wp\/v2\/pages\/2027\/revisions"}],"predecessor-version":[{"id":2031,"href":"https:\/\/ecch-bue.infd.edu.ar\/sitio\/wp-json\/wp\/v2\/pages\/2027\/revisions\/2031"}],"wp:attachment":[{"href":"https:\/\/ecch-bue.infd.edu.ar\/sitio\/wp-json\/wp\/v2\/media?parent=2027"}],"curies":[{"name":"wp","href":"https:\/\/api.w.org\/{rel}","templated":true}]}}