{"id":719,"date":"2018-06-28T01:17:28","date_gmt":"2018-06-28T04:17:28","guid":{"rendered":"https:\/\/ecch-bue.infd.edu.ar\/sitio\/tdg\/"},"modified":"2023-12-07T21:13:23","modified_gmt":"2023-12-08T00:13:23","slug":"tdg","status":"publish","type":"page","link":"https:\/\/ecch-bue.infd.edu.ar\/sitio\/tdg\/","title":{"rendered":"Tecnicatura en Dise\u00f1o Gr\u00e1fico"},"content":{"rendered":"<div class=\"addtoany_share_save_container addtoany_content addtoany_content_top\">\n<div class=\"a2a_kit a2a_kit_size_32 addtoany_list\" data-a2a-url=\"https:\/\/ecch-bue.infd.edu.ar\/sitio\/plan-de-estudios-tdg\/\" data-a2a-title=\"Plan de Estudios Tecnicatura en Dise\u00f1o Gr\u00e1fico\">\n<pre style=\"text-align: center;\"><strong><span style=\"color: #ff6600; font-size: 14pt;\"><span style=\"font-family: tahoma, arial, helvetica, sans-serif;\"><img decoding=\"async\" loading=\"lazy\" class=\"alignnone size-medium wp-image-793\" src=\"https:\/\/ecch-bue.infd.edu.ar\/sitio\/wp-content\/uploads\/2018\/07\/3-1000x352.jpg\" alt=\"\" width=\"1000\" height=\"352\" srcset=\"https:\/\/ecch-bue.infd.edu.ar\/sitio\/wp-content\/uploads\/2018\/07\/3-1000x352.jpg 1000w, https:\/\/ecch-bue.infd.edu.ar\/sitio\/wp-content\/uploads\/2018\/07\/3-768x270.jpg 768w, https:\/\/ecch-bue.infd.edu.ar\/sitio\/wp-content\/uploads\/2018\/07\/3.jpg 1024w\" sizes=\"(max-width: 1000px) 100vw, 1000px\" \/><\/span><\/span><\/strong><\/pre>\n<\/div>\n<\/div>\n<h1 style=\"text-align: center;\"><strong><span style=\"color: #ff6600; font-size: 14pt;\"><span style=\"font-family: tahoma, arial, helvetica, sans-serif;\">Dise\u00f1o Gr\u00e1fico<\/span><\/span><\/strong><\/h1>\n<p>La carrera trabaja desde su creaci\u00f3n con la meta del cambio y la adaptaci\u00f3n constante a las demandas socioculturales de comunicaci\u00f3n visual, nutri\u00e9ndose de los principales avances tecnol\u00f3gicos.<br \/>\nLa carrera de Dise\u00f1o Gr\u00e1fico forma profesionales con aptitud comunicacional y actitud \u00e9tica socialmente responsable.<br \/>\nEl egresado de la carrera Dise\u00f1o Gr\u00e1fico estar\u00e1 habilitado para desempe\u00f1arse en una multiplicidad de proyectos de comunicaci\u00f3n visual como profesional independiente; en estudios de dise\u00f1o gr\u00e1fico; agencias de publicidad; editoriales; estudios de dise\u00f1os integrales; o en empresas que tengan departamentos afines, tanto en forma individual como en equipos interdisciplinarios.<\/p>\n<table width=\"523\">\n<tbody>\n<tr>\n<td width=\"70\"><strong>A\u00f1o<\/strong><\/td>\n<td width=\"179\"><strong>Espacio Curricular<\/strong><\/td>\n<td width=\"274\"><strong>Requisitos para cursar (acreditados al comienzo del ciclo lectivo o en condiciones de compensar hasta julio-agosto, por ser correlativos)<\/strong><\/td>\n<\/tr>\n<tr>\n<td><\/td>\n<td width=\"179\"><\/td>\n<td width=\"274\"><\/td>\n<\/tr>\n<tr>\n<td rowspan=\"9\" width=\"70\"><strong>1\u00ba a\u00f1o<\/strong><\/td>\n<td width=\"179\">Taller de dise\u00f1o I<\/td>\n<td width=\"274\"><\/td>\n<\/tr>\n<tr>\n<td width=\"179\">Tipograf\u00eda I<\/td>\n<td width=\"274\"><\/td>\n<\/tr>\n<tr>\n<td width=\"179\">Gr\u00e1fica asistida por computadora I<\/td>\n<td width=\"274\"><\/td>\n<\/tr>\n<tr>\n<td width=\"179\">Dibujo I<\/td>\n<td width=\"274\"><\/td>\n<\/tr>\n<tr>\n<td width=\"179\">Percepci\u00f3n visual<\/td>\n<td width=\"274\"><\/td>\n<\/tr>\n<tr>\n<td width=\"179\">Taller de texto<\/td>\n<td width=\"274\"><\/td>\n<\/tr>\n<tr>\n<td width=\"179\">Historia del arte y el dise\u00f1o<\/td>\n<td width=\"274\"><\/td>\n<\/tr>\n<tr>\n<td width=\"179\">Comunicaci\u00f3n<\/td>\n<td width=\"274\"><\/td>\n<\/tr>\n<tr>\n<td width=\"179\">Espacio institucional (morfolog\u00eda y t\u00e9cnicas de representaci\u00f3n)<\/td>\n<td width=\"274\"><\/td>\n<\/tr>\n<tr>\n<td><\/td>\n<td width=\"179\"><\/td>\n<td width=\"274\"><\/td>\n<\/tr>\n<tr>\n<td rowspan=\"8\" width=\"70\"><strong>2\u00ba a\u00f1o<\/strong><\/td>\n<td width=\"179\">Taller de dise\u00f1o II<\/td>\n<td width=\"274\">Taller de dise\u00f1o I. Tipograf\u00eda I. Gr\u00e1fica asistida por computadora I<\/td>\n<\/tr>\n<tr>\n<td width=\"179\">Tipograf\u00eda II<\/td>\n<td width=\"274\">Tipograf\u00eda I<\/td>\n<\/tr>\n<tr>\n<td width=\"179\">Gr\u00e1fica asistida por computadora II<\/td>\n<td width=\"274\">Gr\u00e1fica asistida por computadora I.<\/td>\n<\/tr>\n<tr>\n<td width=\"179\">Tecnolog\u00eda I<\/td>\n<td width=\"274\">Gr\u00e1fica asistida por computadora I.<\/td>\n<\/tr>\n<tr>\n<td width=\"179\">Semiolog\u00eda de la imagen<\/td>\n<td width=\"274\">Percepci\u00f3n visual. Taller de texto<\/td>\n<\/tr>\n<tr>\n<td width=\"179\">Historia del dise\u00f1o<\/td>\n<td width=\"274\">Historia del arte y el dise\u00f1o<\/td>\n<\/tr>\n<tr>\n<td width=\"179\">Organizaci\u00f3n de las instituciones<\/td>\n<td width=\"274\"><\/td>\n<\/tr>\n<tr>\n<td width=\"179\">Espacio institucional 2\u00ba (Dibujo II)<\/td>\n<td width=\"274\"><\/td>\n<\/tr>\n<tr>\n<td><\/td>\n<td width=\"179\"><\/td>\n<td width=\"274\"><\/td>\n<\/tr>\n<tr>\n<td rowspan=\"7\" width=\"70\"><strong>3\u00ba a\u00f1o<\/strong><\/td>\n<td width=\"179\">Taller de dise\u00f1o III y proyecto integrado<\/td>\n<td width=\"274\">Taller de dise\u00f1o II. Tipograf\u00eda II. Gr\u00e1fica asistida por computadora II. Tecnolog\u00eda I. Semiolog\u00eda de la imagen<\/td>\n<\/tr>\n<tr>\n<td width=\"179\">Taller de multimedia<\/td>\n<td width=\"274\">Taller de dise\u00f1o II. Gr\u00e1fica asistida por computadora II. Tecnolog\u00eda I. Semiolog\u00eda de la imagen<\/td>\n<\/tr>\n<tr>\n<td width=\"179\">Fotograf\u00eda<\/td>\n<td width=\"274\">Gr\u00e1fica asistida por computadora II. Tecnolog\u00eda I. Semiolog\u00eda de la imagen<\/td>\n<\/tr>\n<tr>\n<td width=\"179\">Tecnolog\u00eda II<\/td>\n<td width=\"274\">Tecnolog\u00eda I. Gr\u00e1fica asistida por computadora I<\/td>\n<\/tr>\n<tr>\n<td width=\"179\">Sociolog\u00eda de la comunicaci\u00f3n<\/td>\n<td width=\"274\">Semiolog\u00eda de la imagen<\/td>\n<\/tr>\n<tr>\n<td width=\"179\">\u00c9tica y legislaci\u00f3n<\/td>\n<td width=\"274\">Taller de dise\u00f1o I<\/td>\n<\/tr>\n<tr>\n<td width=\"179\">Espacio institucional 3\u00ba (Dibujo t\u00e9cnico y dise\u00f1o tridimensional)<\/td>\n<td width=\"274\"><\/td>\n<\/tr>\n<tr>\n<td><\/td>\n<td width=\"179\"><\/td>\n<td width=\"274\"><\/td>\n<\/tr>\n<tr>\n<td rowspan=\"5\" width=\"70\"><strong>4\u00ba a\u00f1o<\/strong><\/td>\n<td width=\"179\">Dise\u00f1o institucional<\/td>\n<td width=\"274\">Taller de dise\u00f1o III y proyecto integrado. Tecnolog\u00eda II. Sociolog\u00eda de la comunicaci\u00f3n. \u00c9tica y legislaci\u00f3n. Historia del dise\u00f1o<\/td>\n<\/tr>\n<tr>\n<td width=\"179\">Dise\u00f1o de la informaci\u00f3n<\/td>\n<td width=\"274\">Taller de dise\u00f1o III y proyecto integrado. Fotograf\u00eda. Tecnolog\u00eda II. Sociolog\u00eda de la comunicaci\u00f3n. \u00c9tica y legislaci\u00f3n. Historia del dise\u00f1o<\/td>\n<\/tr>\n<tr>\n<td width=\"179\">Dise\u00f1o de medios<\/td>\n<td width=\"274\">Taller de dise\u00f1o III y proyecto integrado. Taller de multimedia. Fotograf\u00eda. Tecnolog\u00eda II. Sociolog\u00eda de la comunicaci\u00f3n. \u00c9tica y legislaci\u00f3n. Historia del dise\u00f1o<\/td>\n<\/tr>\n<tr>\n<td width=\"179\">Arte, cultura y est\u00e9tica del mundo contempor\u00e1neo<\/td>\n<td width=\"274\">Sociolog\u00eda de la comunicaci\u00f3n. Historia del dise\u00f1o<\/td>\n<\/tr>\n<tr>\n<td width=\"179\">Espacio institucional 4\u00ba (Principios del Marketing y Pakaging)<\/td>\n<td width=\"274\"><\/td>\n<\/tr>\n<\/tbody>\n<\/table>\n<p>T\u00edtulo Intermedio:\u00a0<strong>T\u00e9cnico en Dise\u00f1o Gr\u00e1fico<\/strong><\/p>\n<p><strong>T\u00edtulo: \u00a0Dise\u00f1ador Gr\u00e1fico<\/strong><\/p>\n","protected":false},"excerpt":{"rendered":"<p>Dise\u00f1o Gr\u00e1fico La carrera trabaja desde su creaci\u00f3n con la meta del cambio y la adaptaci\u00f3n constante a las demandas socioculturales de comunicaci\u00f3n visual, nutri\u00e9ndose de los principales avances tecnol\u00f3gicos. La carrera de Dise\u00f1o Gr\u00e1fico forma profesionales con aptitud comunicacional y actitud \u00e9tica socialmente responsable. El egresado de la carrera Dise\u00f1o Gr\u00e1fico estar\u00e1 habilitado para &#8230; <a title=\"Tecnicatura en Dise\u00f1o Gr\u00e1fico\" class=\"read-more\" href=\"https:\/\/ecch-bue.infd.edu.ar\/sitio\/tdg\/\" aria-label=\"More on Tecnicatura en Dise\u00f1o Gr\u00e1fico\">[+]<\/a><\/p>\n","protected":false},"author":24,"featured_media":0,"parent":0,"menu_order":0,"comment_status":"closed","ping_status":"closed","template":"","meta":[],"acf":[],"_links":{"self":[{"href":"https:\/\/ecch-bue.infd.edu.ar\/sitio\/wp-json\/wp\/v2\/pages\/719"}],"collection":[{"href":"https:\/\/ecch-bue.infd.edu.ar\/sitio\/wp-json\/wp\/v2\/pages"}],"about":[{"href":"https:\/\/ecch-bue.infd.edu.ar\/sitio\/wp-json\/wp\/v2\/types\/page"}],"author":[{"embeddable":true,"href":"https:\/\/ecch-bue.infd.edu.ar\/sitio\/wp-json\/wp\/v2\/users\/24"}],"replies":[{"embeddable":true,"href":"https:\/\/ecch-bue.infd.edu.ar\/sitio\/wp-json\/wp\/v2\/comments?post=719"}],"version-history":[{"count":10,"href":"https:\/\/ecch-bue.infd.edu.ar\/sitio\/wp-json\/wp\/v2\/pages\/719\/revisions"}],"predecessor-version":[{"id":1996,"href":"https:\/\/ecch-bue.infd.edu.ar\/sitio\/wp-json\/wp\/v2\/pages\/719\/revisions\/1996"}],"wp:attachment":[{"href":"https:\/\/ecch-bue.infd.edu.ar\/sitio\/wp-json\/wp\/v2\/media?parent=719"}],"curies":[{"name":"wp","href":"https:\/\/api.w.org\/{rel}","templated":true}]}}