{"id":721,"date":"2018-06-28T01:17:29","date_gmt":"2018-06-28T04:17:29","guid":{"rendered":"https:\/\/ecch-bue.infd.edu.ar\/sitio\/tsc\/"},"modified":"2024-12-03T18:32:08","modified_gmt":"2024-12-03T21:32:08","slug":"tsc","status":"publish","type":"page","link":"https:\/\/ecch-bue.infd.edu.ar\/sitio\/tsc\/","title":{"rendered":"Tecnicatura Superior en Cer\u00e1mica"},"content":{"rendered":"<p><img decoding=\"async\" loading=\"lazy\" class=\"alignnone size-medium wp-image-792\" src=\"https:\/\/ecch-bue.infd.edu.ar\/sitio\/wp-content\/uploads\/2018\/07\/2-1000x352.jpg\" alt=\"\" width=\"1000\" height=\"352\" srcset=\"https:\/\/ecch-bue.infd.edu.ar\/sitio\/wp-content\/uploads\/2018\/07\/2-1000x352.jpg 1000w, https:\/\/ecch-bue.infd.edu.ar\/sitio\/wp-content\/uploads\/2018\/07\/2-768x270.jpg 768w, https:\/\/ecch-bue.infd.edu.ar\/sitio\/wp-content\/uploads\/2018\/07\/2.jpg 1024w\" sizes=\"(max-width: 1000px) 100vw, 1000px\" \/><\/p>\n<p style=\"text-align: justify;\"><span style=\"color: #993300;\"><span style=\"font-size: 12pt;\"><span style=\"color: #000000;\">La <\/span><\/span><span style=\"color: #ff6600;\"><strong><span style=\"font-size: 12pt;\">T<\/span><span style=\"font-size: 12pt;\">e<\/span><\/strong><span style=\"font-size: 12pt;\"><strong>cnicatura Superior en Cer\u00e1mica<\/strong><\/span><\/span>\u00a0<\/span>tiene una inserci\u00f3n laboral en el campo de la producci\u00f3n art\u00edstica, la producci\u00f3n de objetos cer\u00e1micos\u00a0 para\u00a0 \u00e1mbitos culturales diversos\u00a0 como profesional especializado en la producci\u00f3n cer\u00e1mica. Focalizando en el tratamiento de saberes vinculados a los procedimientos espec\u00edficos de la producci\u00f3n implicando el abordaje del lenguaje visual, las operaciones compositivas y el empleo de materiales y herramientas propias del lenguaje cer\u00e1mico. En la Tecnicatura se aborda el lenguaje cer\u00e1mico con acento en la producci\u00f3n interactuando permanentemente con el an\u00e1lisis y la reflexi\u00f3n posibilitando desde la praxis el proceso de construcci\u00f3n discursiva integrando aspectos est\u00e9ticos y tecnol\u00f3gicos desarrollando una pr\u00e1ctica profesional vinculada a la producci\u00f3n\u00a0 con apertura hacia los modos de representaci\u00f3n presentes en la contemporaneidad.<\/p>\n<table width=\"540\">\n<tbody>\n<tr>\n<td width=\"82\"><strong>A\u00f1o<\/strong><\/td>\n<td width=\"184\"><strong>Espacio Curricular<\/strong><\/td>\n<td width=\"274\"><strong>Requisitos para cursar (acreditados al comienzo del ciclo lectivo o en condiciones de compensar hasta julio-agosto, por ser correlativos)<\/strong><\/td>\n<\/tr>\n<tr>\n<td><\/td>\n<td width=\"184\"><\/td>\n<td width=\"274\"><\/td>\n<\/tr>\n<tr>\n<td rowspan=\"7\"><strong>1\u00ba a\u00f1o<\/strong><\/td>\n<td width=\"184\">Cer\u00e1mica<\/td>\n<td width=\"274\"><\/td>\n<\/tr>\n<tr>\n<td width=\"184\">Dibujo<\/td>\n<td width=\"274\"><\/td>\n<\/tr>\n<tr>\n<td width=\"184\">Qu\u00edmica Aplicada<\/td>\n<td width=\"274\"><\/td>\n<\/tr>\n<tr>\n<td width=\"184\">Alfarer\u00eda<\/td>\n<td width=\"274\"><\/td>\n<\/tr>\n<tr>\n<td width=\"184\">Molder\u00eda I<\/td>\n<td width=\"274\"><\/td>\n<\/tr>\n<tr>\n<td width=\"184\">Lenguaje Visual I<\/td>\n<td width=\"274\"><\/td>\n<\/tr>\n<tr>\n<td width=\"184\">Historia del Arte I<\/td>\n<td width=\"274\"><\/td>\n<\/tr>\n<tr>\n<td><\/td>\n<td width=\"184\"><\/td>\n<td width=\"274\"><\/td>\n<\/tr>\n<tr>\n<td rowspan=\"7\"><strong>2\u00ba a\u00f1o<\/strong><\/td>\n<td width=\"184\">Cer\u00e1mica y Alfarer\u00eda<\/td>\n<td width=\"274\">Dibujo, Qu\u00edmica Aplicada, Alfarer\u00eda<\/td>\n<\/tr>\n<tr>\n<td width=\"184\">Proyecto y dise\u00f1o Cer\u00e1mico I<\/td>\n<td width=\"274\">Dibujo<\/td>\n<\/tr>\n<tr>\n<td width=\"184\">Tecnolog\u00eda aplicada a la Cer\u00e1mica I<\/td>\n<td width=\"274\">Qu\u00edmica Aplicada<\/td>\n<\/tr>\n<tr>\n<td width=\"184\">Molder\u00eda II<\/td>\n<td width=\"274\">Molder\u00eda I<\/td>\n<\/tr>\n<tr>\n<td width=\"184\">Lenguaje Visual II<\/td>\n<td width=\"274\">Lenguaje Visual I<\/td>\n<\/tr>\n<tr>\n<td width=\"184\">Teor\u00eda de la Percepci\u00f3n y la Comunicaci\u00f3n<\/td>\n<td width=\"274\">Lenguaje Visual I, Historia del Arte I<\/td>\n<\/tr>\n<tr>\n<td width=\"184\">Historia del Arte II<\/td>\n<td width=\"274\">Historia del Arte I<\/td>\n<\/tr>\n<tr>\n<td><\/td>\n<td width=\"184\"><\/td>\n<td width=\"274\"><\/td>\n<\/tr>\n<tr>\n<td rowspan=\"6\"><strong>3\u00ba a\u00f1o<\/strong><\/td>\n<td width=\"184\">Cer\u00e1mica, Alfarer\u00eda y Molder\u00eda<\/td>\n<td width=\"274\">Proyecto y dise\u00f1o Cer\u00e1mico I, Tecnolog\u00eda aplicada a la Cer\u00e1mica I, Molder\u00eda II<\/td>\n<\/tr>\n<tr>\n<td width=\"184\">Proyecto y dise\u00f1o Cer\u00e1mico II<\/td>\n<td width=\"274\">Proyecto y dise\u00f1o Cer\u00e1mico I<\/td>\n<\/tr>\n<tr>\n<td width=\"184\">Tecnolog\u00eda aplicada a la Cer\u00e1mica II<\/td>\n<td width=\"274\">Tecnolog\u00eda aplicada a la Cer\u00e1mica I<\/td>\n<\/tr>\n<tr>\n<td width=\"184\">Arte, cultura y est\u00e9tica del mundo contemporaneo<\/td>\n<td width=\"274\">Historia del Arte II, Teor\u00eda de la Percepci\u00f3n y la Comunicaci\u00f3n<\/td>\n<\/tr>\n<tr>\n<td width=\"184\">Historia de la Cer\u00e1mica y Proyecto de an\u00e1lisis<\/td>\n<td width=\"274\">Lenguaje Visual II, Historia del Arte II, Cer\u00e1mica y Alfarer\u00eda, Teor\u00eda de la Percepci\u00f3n y la Comunicaci\u00f3n<\/td>\n<\/tr>\n<tr>\n<td width=\"184\">Espacio Institucional<\/td>\n<td width=\"274\"><\/td>\n<\/tr>\n<\/tbody>\n<\/table>\n<p><strong>T\u00edtulo: Ceramista T\u00e9cnico Superior<\/strong><\/p>\n","protected":false},"excerpt":{"rendered":"<p>La Tecnicatura Superior en Cer\u00e1mica\u00a0tiene una inserci\u00f3n laboral en el campo de la producci\u00f3n art\u00edstica, la producci\u00f3n de objetos cer\u00e1micos\u00a0 para\u00a0 \u00e1mbitos culturales diversos\u00a0 como profesional especializado en la producci\u00f3n cer\u00e1mica. Focalizando en el tratamiento de saberes vinculados a los procedimientos espec\u00edficos de la producci\u00f3n implicando el abordaje del lenguaje visual, las operaciones compositivas y &#8230; <a title=\"Tecnicatura Superior en Cer\u00e1mica\" class=\"read-more\" href=\"https:\/\/ecch-bue.infd.edu.ar\/sitio\/tsc\/\" aria-label=\"More on Tecnicatura Superior en Cer\u00e1mica\">[+]<\/a><\/p>\n","protected":false},"author":24,"featured_media":0,"parent":0,"menu_order":0,"comment_status":"closed","ping_status":"closed","template":"","meta":[],"acf":[],"_links":{"self":[{"href":"https:\/\/ecch-bue.infd.edu.ar\/sitio\/wp-json\/wp\/v2\/pages\/721"}],"collection":[{"href":"https:\/\/ecch-bue.infd.edu.ar\/sitio\/wp-json\/wp\/v2\/pages"}],"about":[{"href":"https:\/\/ecch-bue.infd.edu.ar\/sitio\/wp-json\/wp\/v2\/types\/page"}],"author":[{"embeddable":true,"href":"https:\/\/ecch-bue.infd.edu.ar\/sitio\/wp-json\/wp\/v2\/users\/24"}],"replies":[{"embeddable":true,"href":"https:\/\/ecch-bue.infd.edu.ar\/sitio\/wp-json\/wp\/v2\/comments?post=721"}],"version-history":[{"count":6,"href":"https:\/\/ecch-bue.infd.edu.ar\/sitio\/wp-json\/wp\/v2\/pages\/721\/revisions"}],"predecessor-version":[{"id":2214,"href":"https:\/\/ecch-bue.infd.edu.ar\/sitio\/wp-json\/wp\/v2\/pages\/721\/revisions\/2214"}],"wp:attachment":[{"href":"https:\/\/ecch-bue.infd.edu.ar\/sitio\/wp-json\/wp\/v2\/media?parent=721"}],"curies":[{"name":"wp","href":"https:\/\/api.w.org\/{rel}","templated":true}]}}