{"id":752,"date":"2018-06-28T01:17:36","date_gmt":"2018-06-28T04:17:36","guid":{"rendered":"https:\/\/ecch-bue.infd.edu.ar\/sitio\/docentes\/"},"modified":"2025-10-07T19:08:38","modified_gmt":"2025-10-07T22:08:38","slug":"docentes","status":"publish","type":"page","link":"https:\/\/ecch-bue.infd.edu.ar\/sitio\/docentes\/","title":{"rendered":"Docentes"},"content":{"rendered":"<p><span class=\"titulo\">\u00a0<\/span><\/p>\n<p style=\"text-align: left;\"><span style=\"font-family: 'ARIAL BLACK'; font-size: 14pt;\">Escuela de Cer\u00e1mica de Chascom\u00fas<\/span><\/p>\n<p style=\"text-align: left;\"><span style=\"color: #ff6600; font-size: 14pt;\"><strong>Profesorado en Artes Visuales (orientaci\u00f3n Cer\u00e1mica)<\/strong><\/span><\/p>\n<ul>\n<li style=\"text-align: left;\">Altamirano Silvina<\/li>\n<li style=\"text-align: left;\">Christ\u00eda Mar\u00eda de las Mercedes<\/li>\n<li>C\u00e1ssera Catalina<\/li>\n<li>Daguerre Ana<\/li>\n<li>Etchepare Ana<\/li>\n<li>Fern\u00e1ndez Stella<\/li>\n<li>Gast\u00f3n Mar\u00eda Emilia<\/li>\n<li>Ibarra Ana<\/li>\n<li>Mazzanti Carolina<\/li>\n<li>Migu\u00e9liz Guillermina<\/li>\n<li>Moulia Mar\u00eda Laura<\/li>\n<li>N\u00e1poli Pablo<\/li>\n<li>Otondo Luc\u00eda<\/li>\n<li>Sabbatella Mariana<\/li>\n<li>Su\u00e1rez Ana<\/li>\n<\/ul>\n<p style=\"text-align: left;\"><span style=\"color: #ff6600; font-size: 14pt;\"><strong>Profesorado en Artes Visuales (orientaci\u00f3n Grabado y Arte Impreso)<\/strong><\/span><\/p>\n<ul>\n<li>Aldatz Rafael<\/li>\n<li>Altamirano Silvina<\/li>\n<li>Arrondo Florencia<\/li>\n<li>Borda Guadalupe<\/li>\n<li>Daguerre Ana<\/li>\n<li>Dominguez Mar\u00eda Alejandra<\/li>\n<li>Escobar Mariana<\/li>\n<li>Etchepare Ana<\/li>\n<li>Guillemet Susana<\/li>\n<li>Helman Guillermina<\/li>\n<li>Ibarra Ana<\/li>\n<li>Martino Magal\u00ed<\/li>\n<li>Medina Araceli<\/li>\n<li>Moulia Mar\u00eda Laura<\/li>\n<li>N\u00e1poli Pablo<\/li>\n<li>Navarro Julieta<\/li>\n<li>L\u00f3pez Ana Bel\u00e9n<\/li>\n<li>Otondo Luc\u00eda<\/li>\n<li>Valsecchi Maite<\/li>\n<li>Vega Mar\u00eda Victoria<\/li>\n<li>Perez Cazal Mercedes<\/li>\n<\/ul>\n<p style=\"text-align: left;\"><span style=\"color: #ff6600; font-size: 14pt;\"><strong>Tecnicatura Superior en Cer\u00e1mica<\/strong><\/span><\/p>\n<ul>\n<li style=\"text-align: left;\">Altamirano Silvina<\/li>\n<li style=\"text-align: left;\">C\u00e1ssera Catalina<\/li>\n<li>Garc\u00eda Cuerva Alida<\/li>\n<li>Guillemet Susana<\/li>\n<li>Mazzanti Carolina<\/li>\n<li>Migu\u00e9liz Guillermina<\/li>\n<li>Ochoa Carolina<\/li>\n<li>Perez Cazal Mercedes<\/li>\n<li>Sabbatella Mariana<\/li>\n<li>Vega Mar\u00eda Victoria<\/li>\n<\/ul>\n<p style=\"text-align: left;\"><span style=\"color: #ff6600; font-size: 14pt;\"><strong>Tecnicatura Dise\u00f1o Gr\u00e1fico<\/strong><\/span><\/p>\n<ul>\n<li style=\"text-align: left;\">Bordenave Florencia<\/li>\n<li>C\u00e1ssera Catalina<\/li>\n<li style=\"text-align: left;\">Conti Mirta<\/li>\n<li>Fern\u00e1ndez Stella<\/li>\n<li>Francese Mar\u00eda Laura<\/li>\n<li>G\u00e1rriz Ver\u00f3nica<\/li>\n<li>G\u00f3mez Ferreyra Melina<\/li>\n<li>Gonz\u00e1lez Mar\u00eda Elena<\/li>\n<li>Moulia Mar\u00eda Laura<\/li>\n<li>Perez Cazal Pablo<\/li>\n<li>Sarmiento<\/li>\n<li>Surdo Cecilia<\/li>\n<li>Ventura Cecilia<\/li>\n<li>Zabala Roc\u00edo<\/li>\n<\/ul>\n<p style=\"text-align: left;\"><span style=\"color: #ff6600; font-size: 14pt;\"><strong>Tecnicatura en Ilustraci\u00f3n<\/strong><\/span><\/p>\n<ul>\n<li>Brambilla Tom\u00e1s<\/li>\n<li>Bordenave Florencia<\/li>\n<li>C\u00e1ssera Catalina<\/li>\n<li>Conti Mirta<\/li>\n<li>Cornicello Adriana<\/li>\n<li>Fayos Francisco<\/li>\n<li>Garc\u00eda Cuerva Alida<\/li>\n<li>G\u00f3mez Ferreyra Melina<\/li>\n<li>Larroud\u00e9 Candela<\/li>\n<li>Navarro Julieta<\/li>\n<li>P\u00e9rez Cazal Mercedes<\/li>\n<li>Ventura Cecilia<\/li>\n<li>Vega Victoria<\/li>\n<li>Zabala Roc\u00edo<\/li>\n<li>Zunino Pedro<\/li>\n<\/ul>\n","protected":false},"excerpt":{"rendered":"<p>\u00a0 Escuela de Cer\u00e1mica de Chascom\u00fas Profesorado en Artes Visuales (orientaci\u00f3n Cer\u00e1mica) Altamirano Silvina Christ\u00eda Mar\u00eda de las Mercedes C\u00e1ssera Catalina Daguerre Ana Etchepare Ana Fern\u00e1ndez Stella Gast\u00f3n Mar\u00eda Emilia Ibarra Ana Mazzanti Carolina Migu\u00e9liz Guillermina Moulia Mar\u00eda Laura N\u00e1poli Pablo Otondo Luc\u00eda Sabbatella Mariana Su\u00e1rez Ana Profesorado en Artes Visuales (orientaci\u00f3n Grabado y Arte &#8230; <a title=\"Docentes\" class=\"read-more\" href=\"https:\/\/ecch-bue.infd.edu.ar\/sitio\/docentes\/\" aria-label=\"More on Docentes\">[+]<\/a><\/p>\n","protected":false},"author":24,"featured_media":0,"parent":0,"menu_order":0,"comment_status":"closed","ping_status":"closed","template":"","meta":[],"acf":[],"_links":{"self":[{"href":"https:\/\/ecch-bue.infd.edu.ar\/sitio\/wp-json\/wp\/v2\/pages\/752"}],"collection":[{"href":"https:\/\/ecch-bue.infd.edu.ar\/sitio\/wp-json\/wp\/v2\/pages"}],"about":[{"href":"https:\/\/ecch-bue.infd.edu.ar\/sitio\/wp-json\/wp\/v2\/types\/page"}],"author":[{"embeddable":true,"href":"https:\/\/ecch-bue.infd.edu.ar\/sitio\/wp-json\/wp\/v2\/users\/24"}],"replies":[{"embeddable":true,"href":"https:\/\/ecch-bue.infd.edu.ar\/sitio\/wp-json\/wp\/v2\/comments?post=752"}],"version-history":[{"count":16,"href":"https:\/\/ecch-bue.infd.edu.ar\/sitio\/wp-json\/wp\/v2\/pages\/752\/revisions"}],"predecessor-version":[{"id":2401,"href":"https:\/\/ecch-bue.infd.edu.ar\/sitio\/wp-json\/wp\/v2\/pages\/752\/revisions\/2401"}],"wp:attachment":[{"href":"https:\/\/ecch-bue.infd.edu.ar\/sitio\/wp-json\/wp\/v2\/media?parent=752"}],"curies":[{"name":"wp","href":"https:\/\/api.w.org\/{rel}","templated":true}]}}