{"id":958,"date":"2020-06-15T10:24:14","date_gmt":"2020-06-15T13:24:14","guid":{"rendered":"https:\/\/ecch-bue.infd.edu.ar\/sitio\/?page_id=958"},"modified":"2021-09-13T16:53:33","modified_gmt":"2021-09-13T19:53:33","slug":"charlas","status":"publish","type":"page","link":"https:\/\/ecch-bue.infd.edu.ar\/sitio\/charlas\/","title":{"rendered":"Se Charla en la Escuela"},"content":{"rendered":"<p><a href=\"https:\/\/ecch-bue.infd.edu.ar\/sitio\/wp-content\/uploads\/2020\/09\/bannerSeCharlaYoutube.jpg\"><img decoding=\"async\" loading=\"lazy\" class=\"alignnone size-full wp-image-1037\" src=\"https:\/\/ecch-bue.infd.edu.ar\/sitio\/wp-content\/uploads\/2020\/09\/bannerSeCharlaYoutube.jpg\" alt=\"\" width=\"1024\" height=\"360\" srcset=\"https:\/\/ecch-bue.infd.edu.ar\/sitio\/wp-content\/uploads\/2020\/09\/bannerSeCharlaYoutube.jpg 1024w, https:\/\/ecch-bue.infd.edu.ar\/sitio\/wp-content\/uploads\/2020\/09\/bannerSeCharlaYoutube-1000x352.jpg 1000w, https:\/\/ecch-bue.infd.edu.ar\/sitio\/wp-content\/uploads\/2020\/09\/bannerSeCharlaYoutube-768x270.jpg 768w\" sizes=\"(max-width: 1024px) 100vw, 1024px\" \/><\/a><\/p>\n<p>EL ciclo creado por las Profesoras Cecilia Ventura y Julieta Navarro ya cuenta con sus 9 Charlas subidas a nuestro canal de Youtube!<br \/>Invitamos a tod@s a verlas y escucharlas!!!!<br \/><a href=\"https:\/\/ecch-bue.infd.edu.ar\/sitio\/wp-content\/uploads\/2018\/06\/cnt_corner_left.gif\"><img decoding=\"async\" loading=\"lazy\" class=\"alignnone size-full wp-image-689\" src=\"https:\/\/ecch-bue.infd.edu.ar\/sitio\/wp-content\/uploads\/2018\/06\/cnt_corner_left.gif\" alt=\"\" width=\"26\" height=\"21\" \/><\/a><br \/><a href=\"https:\/\/www.youtube.com\/channel\/UCnzMy9eVNhhhKwSRc9vn-rw\">https:\/\/www.youtube.com\/channel\/UCnzMy9eVNhhhKwSRc9vn-rw<\/a><\/p>\n<h1>Lista de Reproducci\u00f3n de las Charlas<\/h1>\n<p><iframe loading=\"lazy\" src=\"https:\/\/www.youtube.com\/embed\/videoseries?list=PLIh7Lxi4BclmPGbsMN8x5WMzV9Ug4KJFj\" width=\"1024\" height=\"720\" frameborder=\"0\" allowfullscreen=\"allowfullscreen\"><\/iframe><\/p>\n<p><a href=\"https:\/\/ecch-bue.infd.edu.ar\/sitio\/wp-content\/uploads\/2018\/06\/doted_line_50.gif\"><img decoding=\"async\" loading=\"lazy\" class=\"alignnone size-full wp-image-693\" src=\"https:\/\/ecch-bue.infd.edu.ar\/sitio\/wp-content\/uploads\/2018\/06\/doted_line_50.gif\" alt=\"\" width=\"273\" height=\"6\" \/><\/a><a href=\"https:\/\/ecch-bue.infd.edu.ar\/sitio\/wp-content\/uploads\/2018\/06\/doted_line_50.gif\"><img decoding=\"async\" loading=\"lazy\" class=\"alignnone size-full wp-image-693\" src=\"https:\/\/ecch-bue.infd.edu.ar\/sitio\/wp-content\/uploads\/2018\/06\/doted_line_50.gif\" alt=\"\" width=\"273\" height=\"6\" \/><\/a><a href=\"https:\/\/ecch-bue.infd.edu.ar\/sitio\/wp-content\/uploads\/2018\/06\/doted_line_50.gif\"><img decoding=\"async\" loading=\"lazy\" class=\"alignnone size-full wp-image-693\" src=\"https:\/\/ecch-bue.infd.edu.ar\/sitio\/wp-content\/uploads\/2018\/06\/doted_line_50.gif\" alt=\"\" width=\"273\" height=\"6\" \/><\/a><\/p>\n<h1 style=\"text-align: left;\">Se Charla en la Escuela &#8211; Participantes<\/h1>\n<p><img decoding=\"async\" loading=\"lazy\" class=\"alignnone size-medium wp-image-956\" src=\"https:\/\/ecch-bue.infd.edu.ar\/sitio\/wp-content\/uploads\/2020\/06\/charla_webecch-1000x352.jpg\" alt=\"Se Charla en la Escuela\" width=\"1000\" height=\"352\" srcset=\"https:\/\/ecch-bue.infd.edu.ar\/sitio\/wp-content\/uploads\/2020\/06\/charla_webecch-1000x352.jpg 1000w, https:\/\/ecch-bue.infd.edu.ar\/sitio\/wp-content\/uploads\/2020\/06\/charla_webecch-768x270.jpg 768w, https:\/\/ecch-bue.infd.edu.ar\/sitio\/wp-content\/uploads\/2020\/06\/charla_webecch.jpg 1024w\" sizes=\"(max-width: 1000px) 100vw, 1000px\" \/><\/p>\n<div class=\"kvgmc6g5 cxmmr5t8 oygrvhab hcukyx3x c1et5uql ii04i59q\">\n<p dir=\"auto\">Porque creemos en el poder del aprendizaje basado en la experiencia de otrxs.<\/p>\n<p dir=\"auto\">Te invitamos a participar del ciclo de charlas con trabajadores de la imagen.<\/p>\n<p dir=\"auto\">Los primeros invitados fueron los integrantes del <a href=\"https:\/\/www.onaire.com.ar\/\" target=\"_blank\" rel=\"noopener\">Colectivo Gra\u0301fico Oneaire<\/a><\/p>\n<\/div>\n<div class=\"o9v6fnle cxmmr5t8 oygrvhab hcukyx3x c1et5uql ii04i59q\">\n<p><a href=\"https:\/\/ecch-bue.infd.edu.ar\/sitio\/wp-content\/uploads\/2020\/06\/sliderWe_MesasCharlasAgosto2020.jpg\"><img decoding=\"async\" loading=\"lazy\" class=\"alignnone size-full wp-image-1007\" src=\"https:\/\/ecch-bue.infd.edu.ar\/sitio\/wp-content\/uploads\/2020\/06\/sliderWe_MesasCharlasAgosto2020.jpg\" alt=\"\" width=\"1024\" height=\"360\" srcset=\"https:\/\/ecch-bue.infd.edu.ar\/sitio\/wp-content\/uploads\/2020\/06\/sliderWe_MesasCharlasAgosto2020.jpg 1024w, https:\/\/ecch-bue.infd.edu.ar\/sitio\/wp-content\/uploads\/2020\/06\/sliderWe_MesasCharlasAgosto2020-1000x352.jpg 1000w, https:\/\/ecch-bue.infd.edu.ar\/sitio\/wp-content\/uploads\/2020\/06\/sliderWe_MesasCharlasAgosto2020-768x270.jpg 768w\" sizes=\"(max-width: 1024px) 100vw, 1024px\" \/><\/a><\/p>\n<p>El segundo encuentro de Se charla en la escuela, decidimos llamarlo Crear tras las rejas. Desde la ciudad de Mar del Plata, Betina Ferrara coordinadora de arte en la c\u00e1rcel de Bat\u00e1n junto a \u00abEl pampa\u00bb, compartir\u00e1n su experiencia en el taller solidario Libert\u00e9 (<a href=\"https:\/\/www.facebook.com\/tallersolidarioliberte\">https:\/\/www.facebook.com\/tallersolidarioliberte)<\/a><\/p>\n<p><em>\u00bb el disfrute del arte debe ser tan com\u00fan como cualquier otro derecho, el sentimiento art\u00edstico es cong\u00e9nito en todas las personas, disponemos del arte como herramienta ..\u00bb<\/em> ( Betina Ferrara)<\/p>\n<p><a href=\"https:\/\/ecch-bue.infd.edu.ar\/sitio\/wp-content\/uploads\/2020\/07\/sliderWe_bertolacharla2020.jpg\"><img decoding=\"async\" loading=\"lazy\" class=\"alignnone size-full wp-image-1013\" src=\"https:\/\/ecch-bue.infd.edu.ar\/sitio\/wp-content\/uploads\/2020\/07\/sliderWe_bertolacharla2020.jpg\" alt=\"\" width=\"1024\" height=\"360\" srcset=\"https:\/\/ecch-bue.infd.edu.ar\/sitio\/wp-content\/uploads\/2020\/07\/sliderWe_bertolacharla2020.jpg 1024w, https:\/\/ecch-bue.infd.edu.ar\/sitio\/wp-content\/uploads\/2020\/07\/sliderWe_bertolacharla2020-1000x352.jpg 1000w, https:\/\/ecch-bue.infd.edu.ar\/sitio\/wp-content\/uploads\/2020\/07\/sliderWe_bertolacharla2020-768x270.jpg 768w\" sizes=\"(max-width: 1024px) 100vw, 1024px\" \/><\/a><\/p>\n<p><strong>SE CHARLA EN LA ESCUELA con JUAN B\u00c9RTOLA<\/strong><br \/>En este tercer encuentro, nos visit\u00f3 un constructor de discursos visuales comprometido con los derechos humanos desde la docencia y en todos los \u00e1mbitos de su trabajo. Principalmente Grabador, acompa\u00f1ando nuestros comienzos en la nueva orientaci\u00f3n.<\/p>\n<p><span class=\"im\">Conoc\u00e9 sus trabajos\u00a0<a href=\"http:\/\/juanbertola.blogspot.com\/\" target=\"_blank\" rel=\"noopener\" data-saferedirecturl=\"https:\/\/www.google.com\/url?q=http:\/\/juanbertola.blogspot.com\/&amp;source=gmail&amp;ust=1594761373459000&amp;usg=AFQjCNG-pIa8ZWiz_aOYGto4HZLEmHi7EQ\">http:\/\/juanbertola.<wbr \/>blogspot.com\/<\/a><\/span><\/p>\n<\/div>\n<div dir=\"auto\">\n<div id=\"m_-2651423381471485955jsc_c_4u\">\n<div>\n<div>\n<div>\n<p dir=\"auto\">\u00a0<\/p>\n<\/div>\n<\/div>\n<\/div>\n<\/div>\n<\/div>\n<p><img decoding=\"async\" loading=\"lazy\" class=\"alignnone size-medium wp-image-1023\" src=\"https:\/\/ecch-bue.infd.edu.ar\/sitio\/wp-content\/uploads\/2020\/08\/sliderWe_secharla4_diego2020-1000x352.jpg\" alt=\"\" width=\"1000\" height=\"352\" srcset=\"https:\/\/ecch-bue.infd.edu.ar\/sitio\/wp-content\/uploads\/2020\/08\/sliderWe_secharla4_diego2020-1000x352.jpg 1000w, https:\/\/ecch-bue.infd.edu.ar\/sitio\/wp-content\/uploads\/2020\/08\/sliderWe_secharla4_diego2020-768x270.jpg 768w, https:\/\/ecch-bue.infd.edu.ar\/sitio\/wp-content\/uploads\/2020\/08\/sliderWe_secharla4_diego2020.jpg 1024w\" sizes=\"(max-width: 1000px) 100vw, 1000px\" \/><\/p>\n<p>En este 4to Encuentro\u00a0<strong>Se Charla con Diego Armentano<\/strong>\u00a0creador del emprendimiento llamado \u201cDiego E. Cer\u00e1mica\u201d, en el que dise\u00f1a objetos cer\u00e1micos decorativos y utilitarios de dise\u00f1o.<\/p>\n<p>Conoc\u00e9 m\u00e1s de su trabajo en su instagram\u00a0<a href=\"https:\/\/www.instagram.com\/diegoe_ceramica\/\"><strong>@diegoe_ceramica<\/strong><\/a><\/p>\n<p><a href=\"https:\/\/ecch-bue.infd.edu.ar\/sitio\/wp-content\/uploads\/2020\/08\/barretoSlider.jpg\"><img decoding=\"async\" loading=\"lazy\" class=\"alignnone size-full wp-image-1034\" src=\"https:\/\/ecch-bue.infd.edu.ar\/sitio\/wp-content\/uploads\/2020\/08\/barretoSlider.jpg\" alt=\"\" width=\"1024\" height=\"360\" srcset=\"https:\/\/ecch-bue.infd.edu.ar\/sitio\/wp-content\/uploads\/2020\/08\/barretoSlider.jpg 1024w, https:\/\/ecch-bue.infd.edu.ar\/sitio\/wp-content\/uploads\/2020\/08\/barretoSlider-1000x352.jpg 1000w, https:\/\/ecch-bue.infd.edu.ar\/sitio\/wp-content\/uploads\/2020\/08\/barretoSlider-768x270.jpg 768w\" sizes=\"(max-width: 1024px) 100vw, 1024px\" \/><\/a><\/p>\n<p><strong><span dir=\"auto\">SE CHARLA EN LA ESCUELA con <\/span>GRACIELA BARRETO<\/strong><\/p>\n<div dir=\"auto\">\n<div id=\"m_-2651423381471485955jsc_c_4u\">\n<div>\n<div>\n<div dir=\"auto\">\n<p>En este quinto encuentro comparti\u00f3 su experiencia Graciela Barreto, que con su trabajo pl\u00e1stico por diferentes caminos sumados a su trayectoria en la docencia, acompa\u00f1a proyectos art\u00edsticos con una mirada enriquecedora.<\/p>\n<p>Conoc\u00e9 su trabajo en instagram <a href=\"https:\/\/www.instagram.com\/barreto.graciela\/\" target=\"_blank\" rel=\"noopener\" data-saferedirecturl=\"https:\/\/www.google.com\/url?q=https:\/\/www.instagram.com\/barreto.graciela\/&amp;source=gmail&amp;ust=1598574048012000&amp;usg=AFQjCNFp2pmH5XRO0UPcedCNG7EnlzsIpg\">@barreto.graciela<\/a><\/p>\n<\/div>\n<\/div>\n<\/div>\n<\/div>\n<\/div>\n<div class=\"o9v6fnle cxmmr5t8 oygrvhab hcukyx3x c1et5uql ii04i59q\">\u00a0<\/div>\n<p><a href=\"https:\/\/ecch-bue.infd.edu.ar\/sitio\/wp-content\/uploads\/2020\/09\/bannerSeCharla6LeticiaBarrientos.jpg\"><img decoding=\"async\" loading=\"lazy\" class=\"alignnone size-full wp-image-1042\" src=\"https:\/\/ecch-bue.infd.edu.ar\/sitio\/wp-content\/uploads\/2020\/09\/bannerSeCharla6LeticiaBarrientos.jpg\" alt=\"\" width=\"1024\" height=\"360\" srcset=\"https:\/\/ecch-bue.infd.edu.ar\/sitio\/wp-content\/uploads\/2020\/09\/bannerSeCharla6LeticiaBarrientos.jpg 1024w, https:\/\/ecch-bue.infd.edu.ar\/sitio\/wp-content\/uploads\/2020\/09\/bannerSeCharla6LeticiaBarrientos-1000x352.jpg 1000w, https:\/\/ecch-bue.infd.edu.ar\/sitio\/wp-content\/uploads\/2020\/09\/bannerSeCharla6LeticiaBarrientos-768x270.jpg 768w\" sizes=\"(max-width: 1024px) 100vw, 1024px\" \/><\/a><\/p>\n<p>En el sexto encuentro, se charla con Mariela Leticia Barrientos, artista, docente, transfeminista, ilustradora. Una trabajadora de la cultura y el arte en forma individual y colectiva, que abarca materialidades diversas en un mundo que nos interpela en lo profundo.<\/p>\n<p>Conoc\u00e9 su trabajo en <a href=\"https:\/\/mletiba.wixsite.com\/ellab\">https:\/\/mletiba.wixsite.com\/ellab<\/a><\/p>\n<p>Instagram <a href=\"https:\/\/www.instagram.com\/ella.b.visualidades\/\">@ella.b.visualidades<\/a><\/p>\n<p>Facebook <a href=\"https:\/\/www.facebook.com\/mletiilu\">https:\/\/www.facebook.com\/mletiilu<\/a><\/p>\n<p>Flickr <a href=\"https:\/\/www.flickr.com\/photos\/leti2012\">flickr.com\/photos\/leti2012<\/a><\/p>\n<p>Youtube <a href=\"https:\/\/www.youtube.com\/watch?v=Y89HeSibJYY\">https:\/\/www.youtube.com\/watch?v=Y89HeSibJYY<\/a><\/p>\n<p><img decoding=\"async\" loading=\"lazy\" class=\"alignnone size-medium wp-image-1046\" src=\"https:\/\/ecch-bue.infd.edu.ar\/sitio\/wp-content\/uploads\/2020\/10\/boqueron_charla_web-1000x352.jpg\" alt=\"\" width=\"1000\" height=\"352\" srcset=\"https:\/\/ecch-bue.infd.edu.ar\/sitio\/wp-content\/uploads\/2020\/10\/boqueron_charla_web-1000x352.jpg 1000w, https:\/\/ecch-bue.infd.edu.ar\/sitio\/wp-content\/uploads\/2020\/10\/boqueron_charla_web-768x270.jpg 768w, https:\/\/ecch-bue.infd.edu.ar\/sitio\/wp-content\/uploads\/2020\/10\/boqueron_charla_web.jpg 1024w\" sizes=\"(max-width: 1000px) 100vw, 1000px\" \/><\/p>\n<div>En el s\u00e9ptimo encuentro, se charla con Cristian de Afiches Boquer\u00f3n, docente, emprendedor, tercera generaci\u00f3n de tip\u00f3grafos.<br \/>Nos compartir\u00f3 su experiencia en Letterpress e impresi\u00f3n de afiches tipogr\u00e1ficos.<\/div>\n<div>\u00a0<\/div>\n<div>Conoc\u00e9 sus trabajos en Instagram <a href=\"https:\/\/www.instagram.com\/afiches_boqueron\/\">@afiches_boqueron<\/a><\/div>\n<div>\u00a0<\/div>\n<div>\u00a0<\/div>\n<div>\n<div><img decoding=\"async\" loading=\"lazy\" class=\"alignnone size-medium wp-image-1060\" src=\"https:\/\/ecch-bue.infd.edu.ar\/sitio\/wp-content\/uploads\/2020\/10\/bannerSeCharlaPintoLaISla-1000x352.jpg\" alt=\"\" width=\"1000\" height=\"352\" srcset=\"https:\/\/ecch-bue.infd.edu.ar\/sitio\/wp-content\/uploads\/2020\/10\/bannerSeCharlaPintoLaISla-1000x352.jpg 1000w, https:\/\/ecch-bue.infd.edu.ar\/sitio\/wp-content\/uploads\/2020\/10\/bannerSeCharlaPintoLaISla-768x270.jpg 768w, https:\/\/ecch-bue.infd.edu.ar\/sitio\/wp-content\/uploads\/2020\/10\/bannerSeCharlaPintoLaISla.jpg 1024w\" sizes=\"(max-width: 1000px) 100vw, 1000px\" \/><\/div>\n<div>En el octavo encuentro, se charla con Gerardo Montes de Oca, Gestor cultural, Docente, Muralista, Artista pl\u00e1stico y M\u00fasico. En el 2014, junto a alumnos y alumnas de 5to a\u00f1o de la E.E.S n24 de la isla Maciel comenz\u00f3 el proyecto social de arte urbano \u00abPint\u00f3 la Isla\u00bb que ya lleva pintados m\u00e1s de 350 murales por artistas nacionales e internacionales. Se gener\u00f3 as\u00ed, un circuito de arte urbano en el barrio que comenz\u00f3 a recibir turismo y sus vecinos tomaron la iniciativa como una nueva salida laboral formando el grupo de turismo comunitario al que tambi\u00e9n se sum\u00f3 el colectivo museo comunitario isla Maciel.<br \/>De Pint\u00f3 la Isla se desprenden interesantes proyectos con un mismo concepto \u201cla posibilidad de la transformaci\u00f3n de la comunidades a trav\u00e9s del arte\u201d.Conoc\u00e9 su trabajo<br \/>Instagram <a href=\"https:\/\/www.instagram.com\/pintolaisla\/\">@pintolaisla<\/a> \/ <a href=\"https:\/\/www.instagram.com\/pintatubarrioquilmes\/\">@pintatubarrioquilmes<\/a><\/div>\n<\/div>\n<div>\u00a0<\/div>\n<div>\n<div><img decoding=\"async\" loading=\"lazy\" class=\"alignnone size-medium wp-image-1079\" src=\"https:\/\/ecch-bue.infd.edu.ar\/sitio\/wp-content\/uploads\/2020\/11\/Alicita_charla_web-1000x352.jpg\" alt=\"\" width=\"1000\" height=\"352\" srcset=\"https:\/\/ecch-bue.infd.edu.ar\/sitio\/wp-content\/uploads\/2020\/11\/Alicita_charla_web-1000x352.jpg 1000w, https:\/\/ecch-bue.infd.edu.ar\/sitio\/wp-content\/uploads\/2020\/11\/Alicita_charla_web-768x270.jpg 768w, https:\/\/ecch-bue.infd.edu.ar\/sitio\/wp-content\/uploads\/2020\/11\/Alicita_charla_web.jpg 1024w\" sizes=\"(max-width: 1000px) 100vw, 1000px\" \/><\/div>\n<div>\n<p>Para el cierre de nuestro ciclo, tuvimos el honor de charlar con Alicita Francese, Profesora y \u00a0Licenciada \u00a0en \u00a0Artes Pl\u00e1sticas con Orientaci\u00f3n Cer\u00e1mica. Ella, desempe\u00f1\u00f3 su rol como docente en nuestra escuela. Desde 1992, forma parte del equipo que realiza investigaciones arqueol\u00f3gicas en Chascom\u00fas y la depresi\u00f3n del r\u00edo Salado, con el que ha intervenido en jornadas, talleres, seminarios y ha publicado trabajos. Particip\u00f3 con su \u00a0producci\u00f3n art\u00edstica en muestras colectivas en el \u00e1mbito local, provincial y nacional.<\/p>\n<p>Instagram: <a href=\"https:\/\/www.instagram.com\/alifrancese\/\">https:\/\/www.instagram.com\/alifrancese\/<\/a><\/p>\n<p><img decoding=\"async\" loading=\"lazy\" class=\"alignnone size-medium wp-image-1432\" src=\"https:\/\/ecch-bue.infd.edu.ar\/sitio\/wp-content\/uploads\/2021\/09\/posteoWEBdaPonte-01-1000x352.png\" alt=\"\" width=\"1000\" height=\"352\" srcset=\"https:\/\/ecch-bue.infd.edu.ar\/sitio\/wp-content\/uploads\/2021\/09\/posteoWEBdaPonte-01-1000x352.png 1000w, https:\/\/ecch-bue.infd.edu.ar\/sitio\/wp-content\/uploads\/2021\/09\/posteoWEBdaPonte-01-1900x669.png 1900w, https:\/\/ecch-bue.infd.edu.ar\/sitio\/wp-content\/uploads\/2021\/09\/posteoWEBdaPonte-01-768x270.png 768w, https:\/\/ecch-bue.infd.edu.ar\/sitio\/wp-content\/uploads\/2021\/09\/posteoWEBdaPonte-01-1536x541.png 1536w, https:\/\/ecch-bue.infd.edu.ar\/sitio\/wp-content\/uploads\/2021\/09\/posteoWEBdaPonte-01-2048x721.png 2048w\" sizes=\"(max-width: 1000px) 100vw, 1000px\" \/><\/p>\n<p>&#x1f4ac;\u00a0 Se Charla en la Escuela 10 \u2013 Andrea da Ponte &#x1f4ac;<\/p>\n<p>Para la d\u00e9cima charla del ciclo creado por las Profesoras Julieta Navarro y Cecilia Ventura, tuvimos el honor de contar con la participaci\u00f3n de la artista en vidrio y docente Andrea da Ponte.<\/p>\n<p><em>\u201cEl arte en vidrio es relativamente incipiente en la Argentina, as\u00ed que la idea es sembrar semillas y que otros empiecen a replicar estas t\u00e9cnicas, con la que se pueden hacer desde miniaturas hasta gigantograf\u00edas con un sentido est\u00e9tico original\u00bb.-<\/em><\/p>\n<p>Instagram: <a href=\"https:\/\/www.instagram.com\/andreadaponteglass\/?hl=es\">https:\/\/www.instagram.com\/andreadaponteglass\/?hl=es<\/a><\/p>\n<p>Youtube: <a href=\"https:\/\/youtu.be\/FdT3BMTWHj0\">https:\/\/youtu.be\/FdT3BMTWHj0<\/a><\/p>\n<p>Esta Charla fue moderada por la Profesora y Artista de nuestra Instituci\u00f3n Mariana Sabbatella.<\/p>\n<p>\u00a0<\/p>\n<\/div>\n<\/div>\n\n\n<p><\/p>\n","protected":false},"excerpt":{"rendered":"<p>EL ciclo creado por las Profesoras Cecilia Ventura y Julieta Navarro ya cuenta con sus 9 Charlas subidas a nuestro canal de Youtube!Invitamos a tod@s a verlas y escucharlas!!!!https:\/\/www.youtube.com\/channel\/UCnzMy9eVNhhhKwSRc9vn-rw Lista de Reproducci\u00f3n de las Charlas Se Charla en la Escuela &#8211; Participantes Porque creemos en el poder del aprendizaje basado en la experiencia de otrxs. &#8230; <a title=\"Se Charla en la Escuela\" class=\"read-more\" href=\"https:\/\/ecch-bue.infd.edu.ar\/sitio\/charlas\/\" aria-label=\"More on Se Charla en la Escuela\">[+]<\/a><\/p>\n","protected":false},"author":27,"featured_media":0,"parent":0,"menu_order":0,"comment_status":"closed","ping_status":"closed","template":"","meta":[],"acf":[],"_links":{"self":[{"href":"https:\/\/ecch-bue.infd.edu.ar\/sitio\/wp-json\/wp\/v2\/pages\/958"}],"collection":[{"href":"https:\/\/ecch-bue.infd.edu.ar\/sitio\/wp-json\/wp\/v2\/pages"}],"about":[{"href":"https:\/\/ecch-bue.infd.edu.ar\/sitio\/wp-json\/wp\/v2\/types\/page"}],"author":[{"embeddable":true,"href":"https:\/\/ecch-bue.infd.edu.ar\/sitio\/wp-json\/wp\/v2\/users\/27"}],"replies":[{"embeddable":true,"href":"https:\/\/ecch-bue.infd.edu.ar\/sitio\/wp-json\/wp\/v2\/comments?post=958"}],"version-history":[{"count":31,"href":"https:\/\/ecch-bue.infd.edu.ar\/sitio\/wp-json\/wp\/v2\/pages\/958\/revisions"}],"predecessor-version":[{"id":1438,"href":"https:\/\/ecch-bue.infd.edu.ar\/sitio\/wp-json\/wp\/v2\/pages\/958\/revisions\/1438"}],"wp:attachment":[{"href":"https:\/\/ecch-bue.infd.edu.ar\/sitio\/wp-json\/wp\/v2\/media?parent=958"}],"curies":[{"name":"wp","href":"https:\/\/api.w.org\/{rel}","templated":true}]}}